{"id":415,"date":"2023-09-30T08:13:15","date_gmt":"2023-09-30T06:13:15","guid":{"rendered":"http:\/\/stephanemanou.de\/stephane-manou\/?page_id=415"},"modified":"2023-10-06T18:12:16","modified_gmt":"2023-10-06T16:12:16","slug":"fr","status":"publish","type":"page","link":"https:\/\/stephanemanou.de\/stephane-manou\/fr\/","title":{"rendered":"fr"},"content":{"rendered":"\n\n\t<h1>STEPHANE MANOU<\/h1>\n<h5>ARTISTE<\/h5>\n<a href=\"http:\/\/stephanemanou.de\/stephane-manou\/fr\/\">Fr<\/a> | <a href=\"http:\/\/stephanemanou.de\/stephane-manou\/\">De<\/a>\n<img decoding=\"async\" src=\"http:\/\/stephanemanou.de\/wp-content\/uploads\/2023\/09\/LOGO_MANOU.jpg\" width=\"100%\" \/><br \/>\n<video id=\"myvideo\" autoplay=\"autoplay\" loop=\"loop\" muted=\"\" width=\"100%\" height=\"100%\"><source src=\"http:\/\/stephanemanou.de\/wp-content\/uploads\/2023\/09\/prime.mp4?_=1\" type=\"video\/mp4\" \/><\/video>\n<a href=\"#paint\">Peintures<\/a><a href=\"#news\">Actualit\u00e9s<\/a><a href=\"#vita\">Vita<\/a><a href=\"#contact\">Contact<\/a>\n<p>&nbsp;<\/p>\n<blockquote><p>Peindre est un processus au cours duquel, dans un mouvement presque automatique absorb\u00e9 par l&#8217;image, j&#8217;invente une nouvelle r\u00e9alit\u00e9. Alors il n&#8217;y a ni douleur, ni fatigue, ni toi, ni moi&#8230;<\/p>\n<p><cite>St\u00e9phane<\/cite><\/p><\/blockquote>\n<p>&nbsp;<\/p>\n<blockquote><p>Tous les artistes sont des menteurs \u00e9pris de v\u00e9rit\u00e9.<\/p>\n<p><cite id=\"paint\">Robert Bolt<\/cite><\/p><\/blockquote>\n<p>&nbsp;<\/p>\n\n\t\t\t\t<img loading=\"lazy\" decoding=\"async\" src=\"http:\/\/stephanemanou.de\/wp-content\/uploads\/2023\/09\/IMG_6668.jpg\" alt=\"IMG_6668\" itemprop=\"image\" height=\"1512\" width=\"2016\" title=\"IMG_6668\" onerror=\"this.style.display='none'\"  \/>\n\t\t\t\t<img loading=\"lazy\" decoding=\"async\" src=\"http:\/\/stephanemanou.de\/wp-content\/uploads\/2023\/09\/IMG_7190.jpg\" alt=\"IMG_7190\" itemprop=\"image\" height=\"1736\" width=\"1152\" title=\"IMG_7190\" onerror=\"this.style.display='none'\"  \/>\n\t\t\t\t<img loading=\"lazy\" decoding=\"async\" src=\"http:\/\/stephanemanou.de\/wp-content\/uploads\/2023\/09\/IMG_6213.jpg\" alt=\"IMG_6213\" itemprop=\"image\" height=\"1280\" width=\"534\" title=\"IMG_6213\" onerror=\"this.style.display='none'\"  \/>\n\t\t\t\t<img loading=\"lazy\" decoding=\"async\" src=\"http:\/\/stephanemanou.de\/wp-content\/uploads\/2023\/09\/IMG_6211-rotated.jpg\" alt=\"IMG_6211\" itemprop=\"image\" height=\"1280\" width=\"960\" title=\"IMG_6211\" onerror=\"this.style.display='none'\"  \/>\n\t\t\t\t<img loading=\"lazy\" decoding=\"async\" src=\"http:\/\/stephanemanou.de\/wp-content\/uploads\/2023\/09\/IMG_1921.jpg\" alt=\"IMG_1921\" itemprop=\"image\" height=\"2016\" width=\"1512\" title=\"IMG_1921\" onerror=\"this.style.display='none'\"  \/>\n\t<a href=\"https:\/\/www.instagram.com\/manou.stephane\" target=\"_blank\" rel=\"noopener\">plus sur instagram &#8230;<\/a>\n<h2>Actualit\u00e9s<\/h2>\n<li>Je me r\u00e9jouis d&#8217;\u00eatre l\u00e0 : <br \/><br \/><strong>HOLSTENART 2024 &#8211; &#8217;salon de l&#8217;art dans le Nord&#8216; KUNSTMESSE IM NORDEN<br \/>20.04.2024 &#8211;&nbsp;21.04.2024<\/strong><br \/><strong><a href=\"https:\/\/www.messen.de\/de\/58\/messeort\/holstenhalle-neumuenster\/messen\">Holstenhalle Neum\u00fcnster, pr\u00e9s de Hambourg<\/a><\/strong><br \/>Justus-von-Liebig-Stra\u00dfe 2 -4<br \/>24534&nbsp;Neum\u00fcnster<br \/><a href=\"https:\/\/www.messen.de\/de\/22103\/neumuenster\/holstenart\/info\" target=\"_blank\" rel=\"noopener\">https:\/\/www.messen.de\/de\/22103\/neumuenster\/holstenart\/info<\/a><\/li>\n<figure><img loading=\"lazy\" decoding=\"async\" src=\"http:\/\/stephanemanou.de\/wp-content\/uploads\/2023\/10\/HolstenArt.jpg\" alt=\"\" width=\"621\" height=\"319\"\/><\/figure> <br \/>\n<li>2021 &#8211; 2023: <strong>D\u00e9m\u00e9nagement de Coblence vers Schnellbach Dans la R\u00e9gion de Hunsr\u00fcck &#8211; Construction d&#8217;un atelier personnel<\/strong>&#8230;<\/li>\n<figure><img decoding=\"async\" src=\"http:\/\/stephanemanou.de\/wp-content\/uploads\/2023\/10\/IMG_2898-1024x768.jpg\" alt=\"\"\/><\/figure>\n&nbsp;\n<!-- \n<p><a href=\"img_5terre.jpg\" target=\"_blank\" rel=\"noopener\"><br \/><img loading=\"lazy\" decoding=\"async\" src=\"IMG_7190.jpg\" alt=\"Cinque Terre\" width=\"600\" height=\"400\" data-enlargable=\"\" \/><br \/><\/a><\/p>\nAdd a description of the image here\n<p><a href=\"img_forest.jpg\" target=\"_blank\" rel=\"noopener\"><br \/><img loading=\"lazy\" decoding=\"async\" src=\"IMG_5472.jpg\" alt=\"Forest\" width=\"600\" height=\"400\" \/><br \/><\/a><\/p>\nAdd a description of the image here\n<p><a href=\"img_lights.jpg\" target=\"_blank\" rel=\"noopener\"><br \/><img loading=\"lazy\" decoding=\"async\" src=\"IMG_5662.jpg\" alt=\"Northern Lights\" width=\"600\" height=\"400\" \/><br \/><\/a><\/p>\nAdd a description of the image here\n<p><a href=\"img_mountains.jpg\" target=\"_blank\" rel=\"noopener\"><br \/><img loading=\"lazy\" decoding=\"async\" src=\"IMG_6680.jpg\" alt=\"Mountains\" width=\"600\" height=\"400\" \/><br \/><\/a><\/p>\nAdd a description of the image here\n<p><a href=\"img_5terre.jpg\" target=\"_blank\" rel=\"noopener\"><br \/><img loading=\"lazy\" decoding=\"async\" src=\"IMG_1921.jpg\" alt=\"Cinque Terre\" width=\"600\" height=\"400\" \/><br \/><\/a><\/p>\nAdd a description of the image here\n<p><a href=\"img_mountains.jpg\" target=\"_blank\" rel=\"noopener\"><br \/><img loading=\"lazy\" decoding=\"async\" src=\"IMG_6678.jpg\" alt=\"Mountains\" width=\"600\" height=\"400\" \/><br \/><\/a><\/p>\nAdd a description of the image here\n-->\n&nbsp;\n<p>&nbsp;<\/p>\nVITA\n<p>&nbsp;<\/p>\nSt\u00e9phane Manou, n\u00e9 en 1975 \u00e0 Douai (France), vit et travaille aujourd&#8217;hui pr\u00e8s de Coblence en Allemagne. Tr\u00e8s t\u00f4t, il s&#8217;est d\u00e9couvert une passion pour l&#8217;art. <br \/>\nUn emploi dans l&#8217;entreprise Ebinger-Schnass-Keramik, qui a construit des maisons uniques en collaboration avec l&#8217;artiste Friedensreich Hundertwasser, ainsi que des s\u00e9minaires \u00e0 l&#8217;Acad\u00e9mie europ\u00e9enne des arts de Tr\u00e8ves et diverses expositions en Allemagne, en France et en Autriche ont \u00e9largi son \u0153uvre picturale et ses possibilit\u00e9s d&#8217;expression artistique.<br \/>\nOutre les \u0153uvres abstraites, le motif central de son \u0153uvre est avant tout l&#8217;\u00eatre humain. La figuration et l&#8217;abstraction s&#8217;y rencontrent et se combinent en de nouvelles formes d&#8217;expression artistique.\n<p>&nbsp;<\/p>\n<p>&nbsp;<\/p>\nToutes les &oelig;uvres sont &agrave; vendre&#8230; N&#8217;h\u00e9sitez pas \u00e0 me contacter pour toute question \n<p>&nbsp;<\/p>\n<img decoding=\"async\" src=\"http:\/\/stephanemanou.de\/wp-content\/uploads\/2023\/09\/LOGO_MANOU.jpg\" width=\"70%\" \/>\n<p>St&eacute;phane Manou<br \/>Am Schnellbach 4,<br \/>56290 Beltheim-Schnellbach<br \/><br \/>0049 151 2239 1107<br \/>stephane.manou@gmail.com<\/p>\n&nbsp;\n<!-- img src=\".\/weble.png\" \/ -->\n\t\t\t\t<img loading=\"lazy\" decoding=\"async\" src=\"http:\/\/stephanemanou.de\/wp-content\/uploads\/2023\/10\/DSC07315-scaled.jpg\" alt=\"DSC07315\" itemprop=\"image\" height=\"2560\" width=\"2449\" title=\"DSC07315\" onerror=\"this.style.display='none'\"  \/>\n\n","protected":false},"excerpt":{"rendered":"<p>STEPHANE MANOU ARTISTE Fr | De PeinturesActualit\u00e9sVitaContact &nbsp; Peindre est un processus au cours duquel, dans un mouvement presque automatique absorb\u00e9 par l&#8217;image, j&#8217;invente une nouvelle r\u00e9alit\u00e9. Alors il n&#8217;y a ni douleur, ni fatigue, ni toi, ni moi&#8230; St\u00e9phane &nbsp; Tous les artistes sont des menteurs \u00e9pris de v\u00e9rit\u00e9. Robert Bolt &nbsp; plus sur<a class=\"more-link\" href=\"https:\/\/stephanemanou.de\/stephane-manou\/fr\/\"><span class=\"screen-reader-text\">&#8222;fr&#8220;<\/span> weiterlesen<\/a><\/p>\n","protected":false},"author":1,"featured_media":0,"parent":0,"menu_order":0,"comment_status":"closed","ping_status":"closed","template":"","meta":{"footnotes":""},"class_list":["post-415","page","type-page","status-publish","hentry","entry"],"_links":{"self":[{"href":"https:\/\/stephanemanou.de\/stephane-manou\/wp-json\/wp\/v2\/pages\/415","targetHints":{"allow":["GET"]}}],"collection":[{"href":"https:\/\/stephanemanou.de\/stephane-manou\/wp-json\/wp\/v2\/pages"}],"about":[{"href":"https:\/\/stephanemanou.de\/stephane-manou\/wp-json\/wp\/v2\/types\/page"}],"author":[{"embeddable":true,"href":"https:\/\/stephanemanou.de\/stephane-manou\/wp-json\/wp\/v2\/users\/1"}],"replies":[{"embeddable":true,"href":"https:\/\/stephanemanou.de\/stephane-manou\/wp-json\/wp\/v2\/comments?post=415"}],"version-history":[{"count":16,"href":"https:\/\/stephanemanou.de\/stephane-manou\/wp-json\/wp\/v2\/pages\/415\/revisions"}],"predecessor-version":[{"id":563,"href":"https:\/\/stephanemanou.de\/stephane-manou\/wp-json\/wp\/v2\/pages\/415\/revisions\/563"}],"wp:attachment":[{"href":"https:\/\/stephanemanou.de\/stephane-manou\/wp-json\/wp\/v2\/media?parent=415"}],"curies":[{"name":"wp","href":"https:\/\/api.w.org\/{rel}","templated":true}]}}